{"id":19,"date":"2021-01-05T23:44:59","date_gmt":"2021-01-05T23:44:59","guid":{"rendered":"https:\/\/ecem.edu.ar\/sitio\/?page_id=19"},"modified":"2025-11-13T12:45:24","modified_gmt":"2025-11-13T15:45:24","slug":"secundaria","status":"publish","type":"page","link":"https:\/\/ecem.edu.ar\/sitio\/secundaria\/","title":{"rendered":"Principio y Valores"},"content":{"rendered":"\n<h2 class=\"wp-block-heading\"><strong><span class=\"has-inline-color has-vivid-red-color\">Bachiller en Ciencias Naturales<\/span><\/strong><\/h2>\n\n\n\n<ul class=\"wp-block-list\"><li>Formaci\u00f3n en valores<\/li><li>Exigencia acad\u00e9mica<\/li><li>Ambiente de sana convivencia<\/li><li>Contenci\u00f3n espiritual<\/li><\/ul>\n\n\n\n<p><\/p>\n\n\n\n<hr class=\"wp-block-separator is-style-wide\"\/>\n\n\n\n<h2 class=\"has-pale-cyan-blue-background-color has-background wp-block-heading\" id=\"Quienes-somos\"><span class=\"has-inline-color has-vivid-red-color\">\u00bfQui\u00e9nes somos?<\/span><\/h2>\n\n\n\n<p>Somos una escuela comprometida con una educaci\u00f3n integral de calidad que cree que toda verdad viene de Dios, por tanto enfoca el que hacer educativo desde una perspectiva b\u00edblica, con una moral trascendente con claridad en el establecimiento de valoresno modificables, posibilitando que cada estudiante desarrolle las competencias fundamentales para la vida, como una persona \u00edntegra, aut\u00f3noma, y responsable por s\u00ed misma, los dem\u00e1s y el medio ambiente.<\/p>\n\n\n\n<hr class=\"wp-block-separator is-style-wide\"\/>\n\n\n\n<h2 class=\"has-pale-cyan-blue-background-color has-background wp-block-heading\" id=\"Nuestra-visi\u00f3n\"><span class=\"has-inline-color has-vivid-red-color\">Nuestra visi\u00f3n<\/span><\/h2>\n\n\n\n<blockquote class=\"wp-block-quote is-style-large is-layout-flow wp-block-quote-is-layout-flow\"><p><em>\u201cFavorecer el desarrollo y crecimiento del ADOLESCENTE, otorg\u00e1ndole las herramientas necesarias para lograr el prop\u00f3sito para el cual fue creado por Dios como ser \u00fanico e irrepetible.\u201d<\/em><\/p><\/blockquote>\n\n\n\n<hr class=\"wp-block-separator is-style-wide\"\/>\n\n\n\n<h2 class=\"has-pale-cyan-blue-background-color has-background wp-block-heading\" id=\"Aspiramos-a-una-escuela\"><span class=\"has-inline-color has-vivid-red-color\">Aspiramos a una escuela<\/span><\/h2>\n\n\n\n<p>Donde cada uno se sienta identificado con los valores que se promueven y se intentan poner en pr\u00e1ctica desde el plantel docente incluyendo a toda la Comunidad Educativa. Donde se promueva el respeto a Dios, al pr\u00f3jimo y a s\u00ed mismo, tomando como eje rector los principios cristianos expresados en la Palabra de Dios. Que ayuda a la socializaci\u00f3n del adolescente para que sea capaz de transitar hacia la adultez con herramientas que lo capaciten para ser un trabajador o profesional competente.<\/p>\n\n\n\n<p><\/p>\n\n\n\n<hr class=\"wp-block-separator is-style-wide\"\/>\n\n\n\n<h2 class=\"has-pale-cyan-blue-background-color has-background wp-block-heading\" id=\"Objetivos-generales\"><span class=\"has-inline-color has-vivid-red-color\">Objetivos generales<\/span><\/h2>\n\n\n\n<ul class=\"wp-block-list\"><li><em>Desarrollar una actitud de respeto hacia Dios y hacia el pr\u00f3jimo, fortaleciendo en los alumnos los valores \u00e9ticos y habilidades que hacen a su integraci\u00f3n en la sociedad como ciudadanos responsables cr\u00edticos y solidarios.<\/em><\/li><li><em>Promover la mejora de la calidad de los procesos de ense\u00f1anza y de aprendizaje de la escuela para acceder a la esencia del conocimiento mediante un desempe\u00f1o eficaz en situaciones concretas.<\/em><\/li><li><em>Posibilitar que el alumno desarrolle las competencias fundamentales para la toma de decisiones y compromiso en su proyecto de vida con una actitud reflexiva.<\/em><\/li><li><em>Favorecer un clima institucional armonioso donde los docentes y alumnos participen con sentido de pertenencia y protagonismo, y donde los padres tengan posibilidad de interactuar como parte de la comunidad escolar.<\/em><\/li><\/ul>\n\n\n\n<p><\/p>\n\n\n\n<hr class=\"wp-block-separator is-style-wide\"\/>\n\n\n\n<h2 class=\"has-pale-cyan-blue-background-color has-background wp-block-heading\" id=\"Proyectos\"><span class=\"has-inline-color has-vivid-red-color\">Proyectos<\/span><\/h2>\n\n\n\n<ul class=\"wp-block-list\"><li>Orientaci\u00f3n vocacional.<\/li><li>Estrategias de aprendizaje.<\/li><li>Nivelaci\u00f3n e ingreso a 1\u00ba.<\/li><li>Convivencia.<\/li><li>Educaci\u00f3n sexual.<\/li><li>Ampliaci\u00f3n de la oferta educativa.<\/li><\/ul>\n\n\n\n<p><\/p>\n\n\n\n<hr class=\"wp-block-separator is-style-wide\"\/>\n\n\n\n<h2 class=\"has-pale-cyan-blue-background-color has-background wp-block-heading\" id=\"Premios-obtenidos\"><span class=\"has-inline-color has-vivid-red-color\">Premios obtenidos<\/span><\/h2>\n\n\n\n<ul class=\"wp-block-list\"><li><strong>2\u00ba PREMIO<\/strong> en Concurso \u201cReciclando por nuestro ambiente\u201d de la Municipalidad de la Capital (2006).<\/li><li><strong>1\u00ba PREMIO<\/strong> Concurso \u201cVamos a la Ant\u00e1rtida\u201d (2009).<\/li><li>Participaci\u00f3n en el \u201cModelo de la ONU\u201d premiados con <strong>menciones especiales<\/strong> en el 2011, 2012, 2013 y 2014.<\/li><li><strong>1\u00ba PREMIO<\/strong> Concurso de Seguridad Vial 2012.<\/li><li><strong>Participaci\u00f3n<\/strong> en Proyecto de Ley \u201cCiudadan\u00eda del Agua\u201d por Capital de Mendoza (2013).<\/li><li><strong>Menci\u00f3n de honor<\/strong> Olimp\u00edada Nacional de Ciencias alumno de 3\u00ba a\u00f1o 2014 Nivel I.<\/li><li><strong>1\u00ba y 2\u00aaPREMIO<\/strong> (2016) en la Olimp\u00edada Argentina de Ciencias Junior Nivel II (300 participantes de 22 provincias).<\/li><li><strong>1\u00ba PREMIO<\/strong> (2018) en la Olimp\u00edada Argentina de Ciencias junior Nivel I.<\/li><li><strong>2\u00ba PREMIO<\/strong> (2018) Concurso provincial \u201cLa escuela escribe bien\u201d.<\/li><li><strong>1\u00ba y 2\u00ba PREMIO<\/strong> (2020) en la Olimp\u00edada Argentina de Ciencias Junior (virtual).<\/li><\/ul>\n\n\n\n<p><\/p>\n\n\n\n<hr class=\"wp-block-separator is-style-wide\"\/>\n\n\n\n<h2 class=\"has-pale-cyan-blue-background-color has-background wp-block-heading\" id=\"mas-sobre-nosotros\"><span class=\"has-inline-color has-vivid-red-color\">M\u00e1s sobre nosotros<\/span><\/h2>\n\n\n\n<ul class=\"wp-block-list\"><li>Reflexiones diarias sobre valores b\u00edblicos.<\/li><li>Jornada de Convivencia.<\/li><li>Torneo Deportivo Primavera.<\/li><li>Biblioteca: \u201cLibros en movimiento\u201d.<\/li><li>Talleres de habilidades sociales.<\/li><li>Taller de Inform\u00e1tica en 1\u00ba y 2\u00ba a\u00f1o.<\/li><li>Gesti\u00f3n administrativa de Proyectos en 3\u00ba a\u00f1o.<\/li><li>Formaci\u00f3n integral en valores cristianos de 1\u00ba a 5\u00ba a\u00f1o.<\/li><li>Portugu\u00e9s en 4\u00ba y 5\u00ba a\u00f1o.<\/li><li>Educaci\u00f3n F\u00edsica en contraturno por grupos en el C\u00edrculo Policial de Mendoza.<\/li><\/ul>\n\n\n\n<p><\/p>\n\n\n\n<hr class=\"wp-block-separator is-style-wide\"\/>\n\n\n\n<h2 class=\"has-pale-cyan-blue-background-color has-background wp-block-heading\" id=\"Departamento-orientaci\u00f3n\"><span class=\"has-inline-color has-vivid-red-color\">Departamento de Orientaci\u00f3n<\/span><\/h2>\n\n\n\n<ul class=\"wp-block-list\"><li>Psic\u00f3loga.<\/li><li>Psicopedagoga.<\/li><li>Coordinadores de \u00e1rea.<\/li><li>Profesor de Educaci\u00f3n cristiana<\/li><\/ul>\n\n\n\n<p><\/p>\n\n\n\n<hr class=\"wp-block-separator is-style-wide\"\/>\n\n\n\n<h2 class=\"has-pale-cyan-blue-background-color has-background wp-block-heading\"><span class=\"has-inline-color has-vivid-red-color\">Contacto<\/span><\/h2>\n\n\n\n<ul class=\"wp-block-list\"><li>info@ecem.edu.ar<\/li><\/ul>\n\n\n\n<div class=\"wp-block-buttons is-layout-flex wp-block-buttons-is-layout-flex\">\n<div class=\"wp-block-button\"><a class=\"wp-block-button__link\" href=\"https:\/\/ecem.edu.ar\/aula\" target=\"_blank\" rel=\"Completar Solicitud de Admisi\u00f3n 2022 noopener\">Completar Solicitud de Admisi\u00f3n<\/a><\/div>\n<\/div>\n\n\n\n<p><\/p>\n","protected":false},"excerpt":{"rendered":"<p>Bachiller en Ciencias Naturales Formaci\u00f3n en valores Exigencia acad\u00e9mica Ambiente de sana convivencia Contenci\u00f3n espiritual \u00bfQui\u00e9nes somos? Somos una escuela comprometida con una educaci\u00f3n integral de calidad que cree que toda verdad viene de Dios, por tanto enfoca el que hacer educativo desde una perspectiva b\u00edblica, con una moral trascendente con claridad en el establecimiento&hellip; <br \/> <a class=\"button small blue\" href=\"https:\/\/ecem.edu.ar\/sitio\/secundaria\/\">Leer m\u00e1s<\/a><\/p>\n","protected":false},"author":1,"featured_media":0,"parent":0,"menu_order":0,"comment_status":"closed","ping_status":"closed","template":"page-templates\/homepage.php","meta":{"footnotes":""},"class_list":["post-19","page","type-page","status-publish","hentry"],"_links":{"self":[{"href":"https:\/\/ecem.edu.ar\/sitio\/wp-json\/wp\/v2\/pages\/19","targetHints":{"allow":["GET"]}}],"collection":[{"href":"https:\/\/ecem.edu.ar\/sitio\/wp-json\/wp\/v2\/pages"}],"about":[{"href":"https:\/\/ecem.edu.ar\/sitio\/wp-json\/wp\/v2\/types\/page"}],"author":[{"embeddable":true,"href":"https:\/\/ecem.edu.ar\/sitio\/wp-json\/wp\/v2\/users\/1"}],"replies":[{"embeddable":true,"href":"https:\/\/ecem.edu.ar\/sitio\/wp-json\/wp\/v2\/comments?post=19"}],"version-history":[{"count":32,"href":"https:\/\/ecem.edu.ar\/sitio\/wp-json\/wp\/v2\/pages\/19\/revisions"}],"predecessor-version":[{"id":237,"href":"https:\/\/ecem.edu.ar\/sitio\/wp-json\/wp\/v2\/pages\/19\/revisions\/237"}],"wp:attachment":[{"href":"https:\/\/ecem.edu.ar\/sitio\/wp-json\/wp\/v2\/media?parent=19"}],"curies":[{"name":"wp","href":"https:\/\/api.w.org\/{rel}","templated":true}]}}